{"id":1906,"date":"2025-04-24T09:14:39","date_gmt":"2025-04-24T09:14:39","guid":{"rendered":"https:\/\/cristinaorozbajo.com\/?page_id=1906"},"modified":"2025-06-02T14:19:11","modified_gmt":"2025-06-02T14:19:11","slug":"consells-i-recursos-sobre-pedagogia-musicoterapia-i-metodologia-aba","status":"publish","type":"page","link":"https:\/\/cristinaorozbajo.com\/ca\/consells-i-recursos-sobre-pedagogia-musicoterapia-i-metodologia-aba\/","title":{"rendered":"Blog"},"content":{"rendered":"<div data-elementor-type=\"wp-page\" data-elementor-id=\"1906\" class=\"elementor elementor-1906\" data-elementor-post-type=\"page\">\n\t\t\t\t<div class=\"elementor-element elementor-element-d94e0a4 e-flex e-con-boxed e-con e-parent\" data-id=\"d94e0a4\" data-element_type=\"container\" data-e-type=\"container\">\n\t\t\t\t\t<div class=\"e-con-inner\">\n\t\t<div class=\"elementor-element elementor-element-dcc2ee4 e-con-full e-flex e-con e-child\" data-id=\"dcc2ee4\" data-element_type=\"container\" data-e-type=\"container\">\n\t\t<div class=\"elementor-element elementor-element-8f444e2 e-con-full e-flex e-con e-child\" data-id=\"8f444e2\" data-element_type=\"container\" data-e-type=\"container\">\n\t\t\t\t<div class=\"elementor-element elementor-element-3d92f70 elementor-widget-divider--view-line elementor-widget elementor-widget-divider\" data-id=\"3d92f70\" data-element_type=\"widget\" data-e-type=\"widget\" data-widget_type=\"divider.default\">\n\t\t\t\t<div class=\"elementor-widget-container\">\n\t\t\t\t\t\t\t<div class=\"elementor-divider\">\n\t\t\t<span class=\"elementor-divider-separator\">\n\t\t\t\t\t\t<\/span>\n\t\t<\/div>\n\t\t\t\t\t\t<\/div>\n\t\t\t\t<\/div>\n\t\t\t\t<div class=\"elementor-element elementor-element-ec0e26b elementor-widget elementor-widget-heading\" data-id=\"ec0e26b\" data-element_type=\"widget\" data-e-type=\"widget\" data-widget_type=\"heading.default\">\n\t\t\t\t<div class=\"elementor-widget-container\">\n\t\t\t\t\t<h2 class=\"elementor-heading-title elementor-size-default\">Rac\u00f3 d&#039;inspiraci\u00f3<\/h2>\t\t\t\t<\/div>\n\t\t\t\t<\/div>\n\t\t\t\t<div class=\"elementor-element elementor-element-df44e81 elementor-widget elementor-widget-text-editor\" data-id=\"df44e81\" data-element_type=\"widget\" data-e-type=\"widget\" data-widget_type=\"text-editor.default\">\n\t\t\t\t<div class=\"elementor-widget-container\">\n\t\t\t\t\t\t\t\t\t<p>Descobreix articles, consells i recursos sobre pedagogia, musicoter\u00e0pia i metodologia ABA. Estigues al dia amb les darreres reflexions i eines per acompanyar el creixement i benestar del teu fill.<\/p>\t\t\t\t\t\t\t\t<\/div>\n\t\t\t\t<\/div>\n\t\t\t\t<\/div>\n\t\t\t\t<\/div>\n\t\t\t\t\t<\/div>\n\t\t\t\t<\/div>\n\t\t<div class=\"elementor-element elementor-element-788b8ba e-flex e-con-boxed e-con e-parent\" data-id=\"788b8ba\" data-element_type=\"container\" data-e-type=\"container\">\n\t\t\t\t\t<div class=\"e-con-inner\">\n\t\t<div class=\"elementor-element elementor-element-d59f1dc e-con-full e-flex e-con e-child\" data-id=\"d59f1dc\" data-element_type=\"container\" data-e-type=\"container\">\n\t\t\t\t<div class=\"elementor-element elementor-element-571a87d elementor-grid-3 elementor-grid-tablet-2 elementor-grid-mobile-1 elementor-posts--thumbnail-top elementor-card-shadow-yes elementor-posts__hover-gradient elementor-widget elementor-widget-posts\" data-id=\"571a87d\" data-element_type=\"widget\" data-e-type=\"widget\" data-settings=\"{&quot;cards_columns&quot;:&quot;3&quot;,&quot;cards_columns_tablet&quot;:&quot;2&quot;,&quot;cards_columns_mobile&quot;:&quot;1&quot;,&quot;cards_row_gap&quot;:{&quot;unit&quot;:&quot;px&quot;,&quot;size&quot;:35,&quot;sizes&quot;:[]},&quot;cards_row_gap_tablet&quot;:{&quot;unit&quot;:&quot;px&quot;,&quot;size&quot;:&quot;&quot;,&quot;sizes&quot;:[]},&quot;cards_row_gap_mobile&quot;:{&quot;unit&quot;:&quot;px&quot;,&quot;size&quot;:&quot;&quot;,&quot;sizes&quot;:[]}}\" data-widget_type=\"posts.cards\">\n\t\t\t\t<div class=\"elementor-widget-container\">\n\t\t\t\t\t\t\t<div class=\"elementor-posts-container elementor-posts elementor-posts--skin-cards elementor-grid\" role=\"list\">\n\t\t\t\t<article class=\"elementor-post elementor-grid-item post-2618 post type-post status-publish format-standard has-post-thumbnail hentry category-inclusion tag-inclusion\" role=\"listitem\">\n\t\t\t<div class=\"elementor-post__card\">\n\t\t\t\t<a class=\"elementor-post__thumbnail__link\" href=\"https:\/\/cristinaorozbajo.com\/ca\/inclusion-real-en-el-aula-7-apoyos-simples-que-cambian-la-participacion\/\" tabindex=\"-1\"><div class=\"elementor-post__thumbnail\"><img fetchpriority=\"high\" decoding=\"async\" width=\"1184\" height=\"864\" src=\"https:\/\/cristinaorozbajo.com\/wp-content\/uploads\/2026\/03\/generated-image-2026-03-10-1.png\" class=\"attachment-full size-full wp-image-2620\" alt=\"Inclusi\u00f3 real\" srcset=\"https:\/\/cristinaorozbajo.com\/wp-content\/uploads\/2026\/03\/generated-image-2026-03-10-1.png 1184w, https:\/\/cristinaorozbajo.com\/wp-content\/uploads\/2026\/03\/generated-image-2026-03-10-1-300x219.png 300w, https:\/\/cristinaorozbajo.com\/wp-content\/uploads\/2026\/03\/generated-image-2026-03-10-1-1024x747.png 1024w, https:\/\/cristinaorozbajo.com\/wp-content\/uploads\/2026\/03\/generated-image-2026-03-10-1-768x560.png 768w, https:\/\/cristinaorozbajo.com\/wp-content\/uploads\/2026\/03\/generated-image-2026-03-10-1-16x12.png 16w\" sizes=\"(max-width: 1184px) 100vw, 1184px\" title=\"\"><\/div><\/a>\n\t\t\t\t<div class=\"elementor-post__badge\">Inclusi\u00f3<\/div>\n\t\t\t\t<div class=\"elementor-post__text\">\n\t\t\t\t<h3 class=\"elementor-post__title\">\n\t\t\t<a href=\"https:\/\/cristinaorozbajo.com\/ca\/inclusion-real-en-el-aula-7-apoyos-simples-que-cambian-la-participacion\/\">\n\t\t\t\tInclusi\u00f3 real a l&#039;aula: 7 suports simples que canvien la participaci\u00f3\t\t\t<\/a>\n\t\t<\/h3>\n\t\t\t\t<div class=\"elementor-post__excerpt\">\n\t\t\t<p>La inclusi\u00f3 no \u00e9s que un alumne \u201cestigui\u201d a classe. \u00c9s que pugui participar amb suports reals, sense quedar a<\/p>\n\t\t<\/div>\n\t\t\n\t\t<a class=\"elementor-post__read-more\" href=\"https:\/\/cristinaorozbajo.com\/ca\/inclusion-real-en-el-aula-7-apoyos-simples-que-cambian-la-participacion\/\" aria-label=\"Read more about Inclusi\u00f3n real en el aula: 7 apoyos simples que cambian la participaci\u00f3n\" tabindex=\"-1\">\n\t\t\tLlegir m\u00e9s \u00bb\t\t<\/a>\n\n\t\t\t\t<\/div>\n\t\t\t\t<div class=\"elementor-post__meta-data\">\n\t\t\t\t\t<span class=\"elementor-post-date\">\n\t\t\t08\/04\/2026\t\t<\/span>\n\t\t\t\t<\/div>\n\t\t\t\t\t<\/div>\n\t\t<\/article>\n\t\t\t\t<article class=\"elementor-post elementor-grid-item post-2598 post type-post status-publish format-standard has-post-thumbnail hentry category-autismo\" role=\"listitem\">\n\t\t\t<div class=\"elementor-post__card\">\n\t\t\t\t<a class=\"elementor-post__thumbnail__link\" href=\"https:\/\/cristinaorozbajo.com\/ca\/dia-mundial-de-lautisme-nomes-cal-romantitzar-lo-mes-consciencia-suport-i-comunitat-sense-discursos-buits\/\" tabindex=\"-1\"><div class=\"elementor-post__thumbnail\"><img decoding=\"async\" width=\"1184\" height=\"864\" src=\"https:\/\/cristinaorozbajo.com\/wp-content\/uploads\/2026\/02\/generated-image-2026-02-26.png\" class=\"attachment-full size-full wp-image-2599\" alt=\"Autisme\" srcset=\"https:\/\/cristinaorozbajo.com\/wp-content\/uploads\/2026\/02\/generated-image-2026-02-26.png 1184w, https:\/\/cristinaorozbajo.com\/wp-content\/uploads\/2026\/02\/generated-image-2026-02-26-300x219.png 300w, https:\/\/cristinaorozbajo.com\/wp-content\/uploads\/2026\/02\/generated-image-2026-02-26-1024x747.png 1024w, https:\/\/cristinaorozbajo.com\/wp-content\/uploads\/2026\/02\/generated-image-2026-02-26-768x560.png 768w, https:\/\/cristinaorozbajo.com\/wp-content\/uploads\/2026\/02\/generated-image-2026-02-26-16x12.png 16w\" sizes=\"(max-width: 1184px) 100vw, 1184px\" title=\"\"><\/div><\/a>\n\t\t\t\t<div class=\"elementor-post__badge\">Autisme<\/div>\n\t\t\t\t<div class=\"elementor-post__text\">\n\t\t\t\t<h3 class=\"elementor-post__title\">\n\t\t\t<a href=\"https:\/\/cristinaorozbajo.com\/ca\/dia-mundial-de-lautisme-nomes-cal-romantitzar-lo-mes-consciencia-suport-i-comunitat-sense-discursos-buits\/\">\n\t\t\t\tDia mundial de l&#039;Autisme: Nom\u00e9s cal romantitzar-lo! M\u00e9s consci\u00e8ncia, suport i comunitat (sense discursos buits)\t\t\t<\/a>\n\t\t<\/h3>\n\t\t\t\t<div class=\"elementor-post__excerpt\">\n\t\t\t<p>L&#039;autisme no \u00e9s una est\u00e8tica, ni una frase inspiradora, ni un superpoder per consumir des de fora. \u00c9s una forma<\/p>\n\t\t<\/div>\n\t\t\n\t\t<a class=\"elementor-post__read-more\" href=\"https:\/\/cristinaorozbajo.com\/ca\/dia-mundial-de-lautisme-nomes-cal-romantitzar-lo-mes-consciencia-suport-i-comunitat-sense-discursos-buits\/\" aria-label=\"Read more about D\u00eda mundial del Autismo: \u00a1Basta de romantizarlo! M\u00e1s conciencia, apoyo y comunidad (sin discursos vac\u00edos)\" tabindex=\"-1\">\n\t\t\tLlegir m\u00e9s \u00bb\t\t<\/a>\n\n\t\t\t\t<\/div>\n\t\t\t\t<div class=\"elementor-post__meta-data\">\n\t\t\t\t\t<span class=\"elementor-post-date\">\n\t\t\t02\/04\/2026\t\t<\/span>\n\t\t\t\t<\/div>\n\t\t\t\t\t<\/div>\n\t\t<\/article>\n\t\t\t\t<article class=\"elementor-post elementor-grid-item post-2584 post type-post status-publish format-standard has-post-thumbnail hentry category-autismo\" role=\"listitem\">\n\t\t\t<div class=\"elementor-post__card\">\n\t\t\t\t<a class=\"elementor-post__thumbnail__link\" href=\"https:\/\/cristinaorozbajo.com\/ca\/atencio-conjunta-en-autisme-7-estrategies-per-treballar-la-a-casa\/\" tabindex=\"-1\"><div class=\"elementor-post__thumbnail\"><img decoding=\"async\" width=\"1184\" height=\"864\" src=\"https:\/\/cristinaorozbajo.com\/wp-content\/uploads\/2026\/02\/generated-image-2026-02-20.png\" class=\"attachment-full size-full wp-image-2585\" alt=\"Atenci\u00f3 conjunta\" srcset=\"https:\/\/cristinaorozbajo.com\/wp-content\/uploads\/2026\/02\/generated-image-2026-02-20.png 1184w, https:\/\/cristinaorozbajo.com\/wp-content\/uploads\/2026\/02\/generated-image-2026-02-20-300x219.png 300w, https:\/\/cristinaorozbajo.com\/wp-content\/uploads\/2026\/02\/generated-image-2026-02-20-1024x747.png 1024w, https:\/\/cristinaorozbajo.com\/wp-content\/uploads\/2026\/02\/generated-image-2026-02-20-768x560.png 768w, https:\/\/cristinaorozbajo.com\/wp-content\/uploads\/2026\/02\/generated-image-2026-02-20-16x12.png 16w\" sizes=\"(max-width: 1184px) 100vw, 1184px\" title=\"\"><\/div><\/a>\n\t\t\t\t<div class=\"elementor-post__badge\">Autisme<\/div>\n\t\t\t\t<div class=\"elementor-post__text\">\n\t\t\t\t<h3 class=\"elementor-post__title\">\n\t\t\t<a href=\"https:\/\/cristinaorozbajo.com\/ca\/atencio-conjunta-en-autisme-7-estrategies-per-treballar-la-a-casa\/\">\n\t\t\t\tAtenci\u00f3 conjunta en autisme: 7 estrat\u00e8gies per treballar-la a casa\t\t\t<\/a>\n\t\t<\/h3>\n\t\t\t\t<div class=\"elementor-post__excerpt\">\n\t\t\t<p>No \u00e9s m\u00e0gia: \u00e9s aprendre a mirar plegats. I quan aix\u00f2 passa, tota la resta comen\u00e7a a fluir. L&#039;atenci\u00f3<\/p>\n\t\t<\/div>\n\t\t\n\t\t<a class=\"elementor-post__read-more\" href=\"https:\/\/cristinaorozbajo.com\/ca\/atencio-conjunta-en-autisme-7-estrategies-per-treballar-la-a-casa\/\" aria-label=\"Read more about Atenci\u00f3n conjunta en autismo: 7 estrategias para trabajarla en casa\" tabindex=\"-1\">\n\t\t\tLlegir m\u00e9s \u00bb\t\t<\/a>\n\n\t\t\t\t<\/div>\n\t\t\t\t<div class=\"elementor-post__meta-data\">\n\t\t\t\t\t<span class=\"elementor-post-date\">\n\t\t\t25\/03\/2026\t\t<\/span>\n\t\t\t\t<\/div>\n\t\t\t\t\t<\/div>\n\t\t<\/article>\n\t\t\t\t<article class=\"elementor-post elementor-grid-item post-2606 post type-post status-publish format-standard has-post-thumbnail hentry category-redes-de-apoyo tag-sindrome-de-down\" role=\"listitem\">\n\t\t\t<div class=\"elementor-post__card\">\n\t\t\t\t<a class=\"elementor-post__thumbnail__link\" href=\"https:\/\/cristinaorozbajo.com\/ca\/dia-mundial-del-sindrome-de-down-7-veritats-importants-mes-suports-reals-drets-i-inclusio\/\" tabindex=\"-1\"><div class=\"elementor-post__thumbnail\"><img loading=\"lazy\" decoding=\"async\" width=\"1184\" height=\"864\" src=\"https:\/\/cristinaorozbajo.com\/wp-content\/uploads\/2026\/02\/generated-image-2026-02-27.png\" class=\"attachment-full size-full wp-image-2608\" alt=\"Dia mundial de la S\u00edndrome de Down\" srcset=\"https:\/\/cristinaorozbajo.com\/wp-content\/uploads\/2026\/02\/generated-image-2026-02-27.png 1184w, https:\/\/cristinaorozbajo.com\/wp-content\/uploads\/2026\/02\/generated-image-2026-02-27-300x219.png 300w, https:\/\/cristinaorozbajo.com\/wp-content\/uploads\/2026\/02\/generated-image-2026-02-27-1024x747.png 1024w, https:\/\/cristinaorozbajo.com\/wp-content\/uploads\/2026\/02\/generated-image-2026-02-27-768x560.png 768w, https:\/\/cristinaorozbajo.com\/wp-content\/uploads\/2026\/02\/generated-image-2026-02-27-16x12.png 16w\" sizes=\"(max-width: 1184px) 100vw, 1184px\" title=\"\"><\/div><\/a>\n\t\t\t\t<div class=\"elementor-post__badge\">Xarxes de suport<\/div>\n\t\t\t\t<div class=\"elementor-post__text\">\n\t\t\t\t<h3 class=\"elementor-post__title\">\n\t\t\t<a href=\"https:\/\/cristinaorozbajo.com\/ca\/dia-mundial-del-sindrome-de-down-7-veritats-importants-mes-suports-reals-drets-i-inclusio\/\">\n\t\t\t\tDia Mundial de la S\u00edndrome de Down: 7 veritats importants (m\u00e9s suports reals, drets i inclusi\u00f3)\t\t\t<\/a>\n\t\t<\/h3>\n\t\t\t\t<div class=\"elementor-post__excerpt\">\n\t\t\t<p>La s\u00edndrome de Down no necessita frases boniques ni mirades condescendents. Necessita una mica m\u00e9s \u00fatil: suports reals, drets garantits i<\/p>\n\t\t<\/div>\n\t\t\n\t\t<a class=\"elementor-post__read-more\" href=\"https:\/\/cristinaorozbajo.com\/ca\/dia-mundial-del-sindrome-de-down-7-veritats-importants-mes-suports-reals-drets-i-inclusio\/\" aria-label=\"Read more about D\u00eda Mundial del S\u00edndrome de Down: 7 verdades importantes (m\u00e1s apoyos reales, derechos e inclusi\u00f3n)\" tabindex=\"-1\">\n\t\t\tLlegir m\u00e9s \u00bb\t\t<\/a>\n\n\t\t\t\t<\/div>\n\t\t\t\t<div class=\"elementor-post__meta-data\">\n\t\t\t\t\t<span class=\"elementor-post-date\">\n\t\t\t21\/03\/2026\t\t<\/span>\n\t\t\t\t<\/div>\n\t\t\t\t\t<\/div>\n\t\t<\/article>\n\t\t\t\t<article class=\"elementor-post elementor-grid-item post-2553 post type-post status-publish format-standard has-post-thumbnail hentry category-uncategorized category-estimulacion-infantil tag-terapia-centrada-en-la-familia\" role=\"listitem\">\n\t\t\t<div class=\"elementor-post__card\">\n\t\t\t\t<a class=\"elementor-post__thumbnail__link\" href=\"https:\/\/cristinaorozbajo.com\/ca\/5-veritats-de-la-terapia-centrada-en-la-familia\/\" tabindex=\"-1\"><div class=\"elementor-post__thumbnail\"><img loading=\"lazy\" decoding=\"async\" width=\"1184\" height=\"864\" src=\"https:\/\/cristinaorozbajo.com\/wp-content\/uploads\/2026\/02\/generated-image-2026-01-29-2.png\" class=\"attachment-full size-full wp-image-2555\" alt=\"El que \u00e9s valu\u00f3s d&#039;una ter\u00e0pia centrada en la fam\u00edlia\" srcset=\"https:\/\/cristinaorozbajo.com\/wp-content\/uploads\/2026\/02\/generated-image-2026-01-29-2.png 1184w, https:\/\/cristinaorozbajo.com\/wp-content\/uploads\/2026\/02\/generated-image-2026-01-29-2-300x219.png 300w, https:\/\/cristinaorozbajo.com\/wp-content\/uploads\/2026\/02\/generated-image-2026-01-29-2-1024x747.png 1024w, https:\/\/cristinaorozbajo.com\/wp-content\/uploads\/2026\/02\/generated-image-2026-01-29-2-768x560.png 768w, https:\/\/cristinaorozbajo.com\/wp-content\/uploads\/2026\/02\/generated-image-2026-01-29-2-16x12.png 16w\" sizes=\"(max-width: 1184px) 100vw, 1184px\" title=\"\"><\/div><\/a>\n\t\t\t\t<div class=\"elementor-post__badge\">Uncategorized<\/div>\n\t\t\t\t<div class=\"elementor-post__text\">\n\t\t\t\t<h3 class=\"elementor-post__title\">\n\t\t\t<a href=\"https:\/\/cristinaorozbajo.com\/ca\/5-veritats-de-la-terapia-centrada-en-la-familia\/\">\n\t\t\t\t5 Veritats de la Ter\u00e0pia centrada en la fam\u00edlia\t\t\t<\/a>\n\t\t<\/h3>\n\t\t\t\t<div class=\"elementor-post__excerpt\">\n\t\t\t<p>La ter\u00e0pia centrada en la fam\u00edlia no \u00e9s demanar-li a la fam\u00edlia que faci m\u00e9s: \u00e9s ensenyar qu\u00e8 fer, com<\/p>\n\t\t<\/div>\n\t\t\n\t\t<a class=\"elementor-post__read-more\" href=\"https:\/\/cristinaorozbajo.com\/ca\/5-veritats-de-la-terapia-centrada-en-la-familia\/\" aria-label=\"Read more about 5 Verdades de la Terapia centrada en la familia\" tabindex=\"-1\">\n\t\t\tLlegir m\u00e9s \u00bb\t\t<\/a>\n\n\t\t\t\t<\/div>\n\t\t\t\t<div class=\"elementor-post__meta-data\">\n\t\t\t\t\t<span class=\"elementor-post-date\">\n\t\t\t11\/03\/2026\t\t<\/span>\n\t\t\t\t<\/div>\n\t\t\t\t\t<\/div>\n\t\t<\/article>\n\t\t\t\t<article class=\"elementor-post elementor-grid-item post-2572 post type-post status-publish format-standard has-post-thumbnail hentry category-autismo tag-regulacion-emocional\" role=\"listitem\">\n\t\t\t<div class=\"elementor-post__card\">\n\t\t\t\t<a class=\"elementor-post__thumbnail__link\" href=\"https:\/\/cristinaorozbajo.com\/ca\/regulacio-emocional-i-autisme-7-suports-que-redueixen-crisi-i-milloren-la-convivencia\/\" tabindex=\"-1\"><div class=\"elementor-post__thumbnail\"><img loading=\"lazy\" decoding=\"async\" width=\"1184\" height=\"864\" src=\"https:\/\/cristinaorozbajo.com\/wp-content\/uploads\/2026\/02\/generated-image-2026-02-12-2.png\" class=\"attachment-full size-full wp-image-2574\" alt=\"\" srcset=\"https:\/\/cristinaorozbajo.com\/wp-content\/uploads\/2026\/02\/generated-image-2026-02-12-2.png 1184w, https:\/\/cristinaorozbajo.com\/wp-content\/uploads\/2026\/02\/generated-image-2026-02-12-2-300x219.png 300w, https:\/\/cristinaorozbajo.com\/wp-content\/uploads\/2026\/02\/generated-image-2026-02-12-2-1024x747.png 1024w, https:\/\/cristinaorozbajo.com\/wp-content\/uploads\/2026\/02\/generated-image-2026-02-12-2-768x560.png 768w, https:\/\/cristinaorozbajo.com\/wp-content\/uploads\/2026\/02\/generated-image-2026-02-12-2-16x12.png 16w\" sizes=\"(max-width: 1184px) 100vw, 1184px\" title=\"\"><\/div><\/a>\n\t\t\t\t<div class=\"elementor-post__badge\">Autisme<\/div>\n\t\t\t\t<div class=\"elementor-post__text\">\n\t\t\t\t<h3 class=\"elementor-post__title\">\n\t\t\t<a href=\"https:\/\/cristinaorozbajo.com\/ca\/regulacio-emocional-i-autisme-7-suports-que-redueixen-crisi-i-milloren-la-convivencia\/\">\n\t\t\t\tRegulaci\u00f3 emocional i autisme: 7 suports que redueixen crisis i milloren la conviv\u00e8ncia\t\t\t<\/a>\n\t\t<\/h3>\n\t\t\t\t<div class=\"elementor-post__excerpt\">\n\t\t\t<p>No necessites convertir casa teva en una consulta. Necessites entendre qu\u00e8 est\u00e0 passant al cos ia l&#039;entorn<\/p>\n\t\t<\/div>\n\t\t\n\t\t<a class=\"elementor-post__read-more\" href=\"https:\/\/cristinaorozbajo.com\/ca\/regulacio-emocional-i-autisme-7-suports-que-redueixen-crisi-i-milloren-la-convivencia\/\" aria-label=\"Read more about Regulaci\u00f3n emocional y autismo: 7 apoyos que reducen crisis y mejoran la convivencia\" tabindex=\"-1\">\n\t\t\tLlegir m\u00e9s \u00bb\t\t<\/a>\n\n\t\t\t\t<\/div>\n\t\t\t\t<div class=\"elementor-post__meta-data\">\n\t\t\t\t\t<span class=\"elementor-post-date\">\n\t\t\t04\/03\/2026\t\t<\/span>\n\t\t\t\t<\/div>\n\t\t\t\t\t<\/div>\n\t\t<\/article>\n\t\t\t\t<article class=\"elementor-post elementor-grid-item post-2528 post type-post status-publish format-standard has-post-thumbnail hentry category-metodo-vicon category-autismo category-estimulacion-infantil\" role=\"listitem\">\n\t\t\t<div class=\"elementor-post__card\">\n\t\t\t\t<a class=\"elementor-post__thumbnail__link\" href=\"https:\/\/cristinaorozbajo.com\/ca\/7-claus-practiques-estimulacio-del-llenguatge-a-casa\/\" tabindex=\"-1\"><div class=\"elementor-post__thumbnail\"><img loading=\"lazy\" decoding=\"async\" width=\"1184\" height=\"864\" src=\"https:\/\/cristinaorozbajo.com\/wp-content\/uploads\/2026\/02\/blog-terapia-en-casa.png\" class=\"attachment-full size-full wp-image-2529\" alt=\"Mare i nen jugant a terra a casa durant una rutina d&#039;estimulaci\u00f3 del llenguatge a casa\" srcset=\"https:\/\/cristinaorozbajo.com\/wp-content\/uploads\/2026\/02\/blog-terapia-en-casa.png 1184w, https:\/\/cristinaorozbajo.com\/wp-content\/uploads\/2026\/02\/blog-terapia-en-casa-300x219.png 300w, https:\/\/cristinaorozbajo.com\/wp-content\/uploads\/2026\/02\/blog-terapia-en-casa-1024x747.png 1024w, https:\/\/cristinaorozbajo.com\/wp-content\/uploads\/2026\/02\/blog-terapia-en-casa-768x560.png 768w, https:\/\/cristinaorozbajo.com\/wp-content\/uploads\/2026\/02\/blog-terapia-en-casa-16x12.png 16w\" sizes=\"(max-width: 1184px) 100vw, 1184px\" title=\"\"><\/div><\/a>\n\t\t\t\t<div class=\"elementor-post__badge\">M\u00e8tode VIC\u00d3<\/div>\n\t\t\t\t<div class=\"elementor-post__text\">\n\t\t\t\t<h3 class=\"elementor-post__title\">\n\t\t\t<a href=\"https:\/\/cristinaorozbajo.com\/ca\/7-claus-practiques-estimulacio-del-llenguatge-a-casa\/\">\n\t\t\t\t7 claus pr\u00e0ctiques: estimulaci\u00f3 del llenguatge a casa\t\t\t<\/a>\n\t\t<\/h3>\n\t\t\t\t<div class=\"elementor-post__excerpt\">\n\t\t\t<p>La ter\u00e0pia no viu en una hora setmanal: viu al dia a dia L&#039;estimulaci\u00f3 del llenguatge a casa<\/p>\n\t\t<\/div>\n\t\t\n\t\t<a class=\"elementor-post__read-more\" href=\"https:\/\/cristinaorozbajo.com\/ca\/7-claus-practiques-estimulacio-del-llenguatge-a-casa\/\" aria-label=\"Read more about 7 claves pr\u00e1cticas: estimulaci\u00f3n del lenguaje en casa\" tabindex=\"-1\">\n\t\t\tLlegir m\u00e9s \u00bb\t\t<\/a>\n\n\t\t\t\t<\/div>\n\t\t\t\t<div class=\"elementor-post__meta-data\">\n\t\t\t\t\t<span class=\"elementor-post-date\">\n\t\t\t02\/02\/2026\t\t<\/span>\n\t\t\t\t<\/div>\n\t\t\t\t\t<\/div>\n\t\t<\/article>\n\t\t\t\t<article class=\"elementor-post elementor-grid-item post-2453 post type-post status-publish format-standard has-post-thumbnail hentry category-estimulacion-infantil tag-aprendizaje-y-vinculo tag-atencion-compartida tag-autismo-y-comunicacion tag-conexion-emocional tag-dificultades-de-comunicacion tag-estres-y-aprendizaje tag-fundamento-neurobiologico-del-aprendizaje tag-intervencion-temprana tag-musica-y-regulacion tag-neurociencia-del-aprendizaje tag-regulacion-emocional tag-seguridad-emocional tag-sistema-nervioso-autonomo tag-teoria-polivagal tag-video-modelado\" role=\"listitem\">\n\t\t\t<div class=\"elementor-post__card\">\n\t\t\t\t<a class=\"elementor-post__thumbnail__link\" href=\"https:\/\/cristinaorozbajo.com\/ca\/fonament-neurobiologic-de-laprenentatge\/\" tabindex=\"-1\"><div class=\"elementor-post__thumbnail\"><img loading=\"lazy\" decoding=\"async\" width=\"1184\" height=\"864\" src=\"https:\/\/cristinaorozbajo.com\/wp-content\/uploads\/2026\/01\/LINKEDIN-ENE25.png\" class=\"attachment-full size-full wp-image-2458\" alt=\"Mare i nen petit llegint plegats un llibre a casa, afavorint l&#039;atenci\u00f3 compartida i l&#039;aprenentatge\" srcset=\"https:\/\/cristinaorozbajo.com\/wp-content\/uploads\/2026\/01\/LINKEDIN-ENE25.png 1184w, https:\/\/cristinaorozbajo.com\/wp-content\/uploads\/2026\/01\/LINKEDIN-ENE25-300x219.png 300w, https:\/\/cristinaorozbajo.com\/wp-content\/uploads\/2026\/01\/LINKEDIN-ENE25-1024x747.png 1024w, https:\/\/cristinaorozbajo.com\/wp-content\/uploads\/2026\/01\/LINKEDIN-ENE25-768x560.png 768w, https:\/\/cristinaorozbajo.com\/wp-content\/uploads\/2026\/01\/LINKEDIN-ENE25-16x12.png 16w\" sizes=\"(max-width: 1184px) 100vw, 1184px\" title=\"\"><\/div><\/a>\n\t\t\t\t<div class=\"elementor-post__badge\">Estimulaci\u00f3 Infantil<\/div>\n\t\t\t\t<div class=\"elementor-post__text\">\n\t\t\t\t<h3 class=\"elementor-post__title\">\n\t\t\t<a href=\"https:\/\/cristinaorozbajo.com\/ca\/fonament-neurobiologic-de-laprenentatge\/\">\n\t\t\t\tFonament neurobiol\u00f2gic de l&#039;aprenentatge: la connexi\u00f3 ho canvia tot\t\t\t<\/a>\n\t\t<\/h3>\n\t\t\t\t<div class=\"elementor-post__excerpt\">\n\t\t\t<p>Fonament neurobiol\u00f2gic de l&#039;aprenentatge: la connexi\u00f3 ho canvia tot<\/p>\n\t\t<\/div>\n\t\t\n\t\t<a class=\"elementor-post__read-more\" href=\"https:\/\/cristinaorozbajo.com\/ca\/fonament-neurobiologic-de-laprenentatge\/\" aria-label=\"Read more about Fundamento neurobiol\u00f3gico del aprendizaje: la conexi\u00f3n lo cambia todo\" tabindex=\"-1\">\n\t\t\tLlegir m\u00e9s \u00bb\t\t<\/a>\n\n\t\t\t\t<\/div>\n\t\t\t\t<div class=\"elementor-post__meta-data\">\n\t\t\t\t\t<span class=\"elementor-post-date\">\n\t\t\t14\/01\/2026\t\t<\/span>\n\t\t\t\t<\/div>\n\t\t\t\t\t<\/div>\n\t\t<\/article>\n\t\t\t\t<article class=\"elementor-post elementor-grid-item post-2426 post type-post status-publish format-standard has-post-thumbnail hentry category-metodo-vicon tag-aprendizaje-significativo tag-calidad-educativa tag-curriculo tag-didactica tag-evaluacion-educativa tag-formacion-docente tag-innovacion-educativa tag-mejorar-la-ensenanza-en-el-aula tag-motivacion-para-aprender tag-practica-docente\" role=\"listitem\">\n\t\t\t<div class=\"elementor-post__card\">\n\t\t\t\t<a class=\"elementor-post__thumbnail__link\" href=\"https:\/\/cristinaorozbajo.com\/ca\/millorar-lensenyament-a-laula\/\" tabindex=\"-1\"><div class=\"elementor-post__thumbnail\"><img loading=\"lazy\" decoding=\"async\" width=\"1184\" height=\"864\" src=\"https:\/\/cristinaorozbajo.com\/wp-content\/uploads\/2026\/01\/generated-image-2026-01-09-1.png\" class=\"attachment-full size-full wp-image-2427\" alt=\"\u201cNens en una aula participant en una activitat guiada pel docent\u201d\" srcset=\"https:\/\/cristinaorozbajo.com\/wp-content\/uploads\/2026\/01\/generated-image-2026-01-09-1.png 1184w, https:\/\/cristinaorozbajo.com\/wp-content\/uploads\/2026\/01\/generated-image-2026-01-09-1-300x219.png 300w, https:\/\/cristinaorozbajo.com\/wp-content\/uploads\/2026\/01\/generated-image-2026-01-09-1-1024x747.png 1024w, https:\/\/cristinaorozbajo.com\/wp-content\/uploads\/2026\/01\/generated-image-2026-01-09-1-768x560.png 768w, https:\/\/cristinaorozbajo.com\/wp-content\/uploads\/2026\/01\/generated-image-2026-01-09-1-16x12.png 16w\" sizes=\"(max-width: 1184px) 100vw, 1184px\" title=\"\"><\/div><\/a>\n\t\t\t\t<div class=\"elementor-post__badge\">M\u00e8tode VIC\u00d3<\/div>\n\t\t\t\t<div class=\"elementor-post__text\">\n\t\t\t\t<h3 class=\"elementor-post__title\">\n\t\t\t<a href=\"https:\/\/cristinaorozbajo.com\/ca\/millorar-lensenyament-a-laula\/\">\n\t\t\t\tMillorar l&#039;ensenyament a l&#039;aula: la clau que ignora el sistema\t\t\t<\/a>\n\t\t<\/h3>\n\t\t\t\t<div class=\"elementor-post__excerpt\">\n\t\t\t<p>Millorar l&#039;ensenyament a l&#039;aula: per qu\u00e8 el \u201ccom\u201d pesa m\u00e9s que el \u201cqu\u00e8\u201d. ________________________________________________ Si de veritat volem<\/p>\n\t\t<\/div>\n\t\t\n\t\t<a class=\"elementor-post__read-more\" href=\"https:\/\/cristinaorozbajo.com\/ca\/millorar-lensenyament-a-laula\/\" aria-label=\"Read more about Mejorar la ense\u00f1anza en el aula: la clave que el sistema ignora\" tabindex=\"-1\">\n\t\t\tLlegir m\u00e9s \u00bb\t\t<\/a>\n\n\t\t\t\t<\/div>\n\t\t\t\t<div class=\"elementor-post__meta-data\">\n\t\t\t\t\t<span class=\"elementor-post-date\">\n\t\t\t12\/01\/2026\t\t<\/span>\n\t\t\t\t<\/div>\n\t\t\t\t\t<\/div>\n\t\t<\/article>\n\t\t\t\t<\/div>\n\t\t\n\t\t\t\t\t\t<\/div>\n\t\t\t\t<\/div>\n\t\t\t\t<\/div>\n\t\t<div class=\"elementor-element elementor-element-9d37eaf e-con-full e-flex e-con e-child\" data-id=\"9d37eaf\" data-element_type=\"container\" data-e-type=\"container\">\n\t\t\t\t<div class=\"elementor-element elementor-element-a2e3b4b elementor-widget elementor-widget-sidebar\" data-id=\"a2e3b4b\" data-element_type=\"widget\" data-e-type=\"widget\" data-widget_type=\"sidebar.default\">\n\t\t\t\t<div class=\"elementor-widget-container\">\n\t\t\t\t\t<aside id=\"block-2\" class=\"widget widget_block widget_search\"><form role=\"search\" method=\"get\" action=\"https:\/\/cristinaorozbajo.com\/ca\/\" class=\"wp-block-search__button-outside wp-block-search__text-button wp-block-search\" data-trp-original-action=\"https:\/\/cristinaorozbajo.com\/ca\/\"    ><label class=\"wp-block-search__label\" for=\"wp-block-search__input-1\" >Search<\/label><div class=\"wp-block-search__inside-wrapper\" ><input class=\"wp-block-search__input\" id=\"wp-block-search__input-1\" placeholder=\"\" value=\"\" type=\"search\" name=\"s\" required \/><button aria-label=\"Cerca\" class=\"wp-block-search__button wp-element-button\" type=\"submit\" >Cerca<\/button><\/div><input type=\"hidden\" name=\"trp-form-language\" value=\"ca\"\/><\/form><\/aside><aside id=\"categories-1\" class=\"widget widget_categories\"><h2 class=\"widget-title\">Categories<\/h2><nav aria-label=\"Categories\">\n\t\t\t<ul>\n\t\t\t\t\t<li class=\"cat-item cat-item-218\"><a href=\"https:\/\/cristinaorozbajo.com\/ca\/autisme\/\">Autisme<\/a>\n<\/li>\n\t<li class=\"cat-item cat-item-95\"><a href=\"https:\/\/cristinaorozbajo.com\/ca\/comunitat-de-nens-sense-limits\/\">COMUNITAT DE NENS SENSE L\u00cdMITS<\/a>\n<\/li>\n\t<li class=\"cat-item cat-item-11\"><a href=\"https:\/\/cristinaorozbajo.com\/ca\/estimulacio-infantil\/\">Estimulaci\u00f3 Infantil<\/a>\n<\/li>\n\t<li class=\"cat-item cat-item-255\"><a href=\"https:\/\/cristinaorozbajo.com\/ca\/inclusion\/\">Inclusi\u00f3<\/a>\n<\/li>\n\t<li class=\"cat-item cat-item-18\"><a href=\"https:\/\/cristinaorozbajo.com\/ca\/investigacio\/\">Investigaci\u00f3<\/a>\n<\/li>\n\t<li class=\"cat-item cat-item-14\"><a href=\"https:\/\/cristinaorozbajo.com\/ca\/llibres\/\">Llibres<\/a>\n<\/li>\n\t<li class=\"cat-item cat-item-121\"><a href=\"https:\/\/cristinaorozbajo.com\/ca\/metode-vicon\/\">M\u00e8tode VIC\u00d3<\/a>\n<\/li>\n\t<li class=\"cat-item cat-item-98\"><a href=\"https:\/\/cristinaorozbajo.com\/ca\/musicoterapia\/\">Musicoter\u00e0pia<\/a>\n<\/li>\n\t<li class=\"cat-item cat-item-253\"><a href=\"https:\/\/cristinaorozbajo.com\/ca\/redes-de-apoyo\/\">Xarxes de suport<\/a>\n<\/li>\n\t<li class=\"cat-item cat-item-29\"><a href=\"https:\/\/cristinaorozbajo.com\/ca\/supermares\/\">Supermares<\/a>\n<\/li>\n\t<li class=\"cat-item cat-item-1\"><a href=\"https:\/\/cristinaorozbajo.com\/ca\/uncategorized\/\">Uncategorized<\/a>\n<\/li>\n\t\t\t<\/ul>\n\n\t\t\t<\/nav><\/aside>\n\t\t<aside id=\"recent-posts-1\" class=\"widget widget_recent_entries\">\n\t\t<h2 class=\"widget-title\">Recent Posts<\/h2><nav aria-label=\"Recent Posts\">\n\t\t<ul>\n\t\t\t\t\t\t\t\t\t\t\t<li>\n\t\t\t\t\t<a href=\"https:\/\/cristinaorozbajo.com\/ca\/inclusion-real-en-el-aula-7-apoyos-simples-que-cambian-la-participacion\/\">Inclusi\u00f3 real a l&#039;aula: 7 suports simples que canvien la participaci\u00f3<\/a>\n\t\t\t\t\t\t\t\t\t<\/li>\n\t\t\t\t\t\t\t\t\t\t\t<li>\n\t\t\t\t\t<a href=\"https:\/\/cristinaorozbajo.com\/ca\/dia-mundial-de-lautisme-nomes-cal-romantitzar-lo-mes-consciencia-suport-i-comunitat-sense-discursos-buits\/\">Dia mundial de l&#039;Autisme: Nom\u00e9s cal romantitzar-lo! M\u00e9s consci\u00e8ncia, suport i comunitat (sense discursos buits)<\/a>\n\t\t\t\t\t\t\t\t\t<\/li>\n\t\t\t\t\t\t\t\t\t\t\t<li>\n\t\t\t\t\t<a href=\"https:\/\/cristinaorozbajo.com\/ca\/atencio-conjunta-en-autisme-7-estrategies-per-treballar-la-a-casa\/\">Atenci\u00f3 conjunta en autisme: 7 estrat\u00e8gies per treballar-la a casa<\/a>\n\t\t\t\t\t\t\t\t\t<\/li>\n\t\t\t\t\t\t\t\t\t\t\t<li>\n\t\t\t\t\t<a href=\"https:\/\/cristinaorozbajo.com\/ca\/dia-mundial-del-sindrome-de-down-7-veritats-importants-mes-suports-reals-drets-i-inclusio\/\">Dia Mundial de la S\u00edndrome de Down: 7 veritats importants (m\u00e9s suports reals, drets i inclusi\u00f3)<\/a>\n\t\t\t\t\t\t\t\t\t<\/li>\n\t\t\t\t\t\t\t\t\t\t\t<li>\n\t\t\t\t\t<a href=\"https:\/\/cristinaorozbajo.com\/ca\/5-veritats-de-la-terapia-centrada-en-la-familia\/\">5 Veritats de la Ter\u00e0pia centrada en la fam\u00edlia<\/a>\n\t\t\t\t\t\t\t\t\t<\/li>\n\t\t\t\t\t<\/ul>\n\n\t\t<\/nav><\/aside>\t\t\t\t<\/div>\n\t\t\t\t<\/div>\n\t\t\t\t<\/div>\n\t\t\t\t\t<\/div>\n\t\t\t\t<\/div>\n\t\t\t\t<\/div>","protected":false},"excerpt":{"rendered":"<p>Rinc\u00f3n de inspiraci\u00f3n Descubre art\u00edculos, consejos y recursos sobre pedagog\u00eda, musicoterapia y metodolog\u00eda ABA. Mantente al d\u00eda con las \u00faltimas [&hellip;]<\/p>\n","protected":false},"author":1,"featured_media":0,"parent":0,"menu_order":0,"comment_status":"closed","ping_status":"closed","template":"","meta":{"site-sidebar-layout":"no-sidebar","site-content-layout":"page-builder","ast-site-content-layout":"full-width-container","site-content-style":"default","site-sidebar-style":"default","ast-global-header-display":"","ast-banner-title-visibility":"","ast-main-header-display":"","ast-hfb-above-header-display":"","ast-hfb-below-header-display":"","ast-hfb-mobile-header-display":"","site-post-title":"disabled","ast-breadcrumbs-content":"","ast-featured-img":"disabled","footer-sml-layout":"","ast-disable-related-posts":"","theme-transparent-header-meta":"","adv-header-id-meta":"","stick-header-meta":"","header-above-stick-meta":"","header-main-stick-meta":"","header-below-stick-meta":"","astra-migrate-meta-layouts":"set","ast-page-background-enabled":"default","ast-page-background-meta":{"desktop":{"background-color":"","background-image":"","background-repeat":"repeat","background-position":"center center","background-size":"auto","background-attachment":"scroll","background-type":"","background-media":"","overlay-type":"","overlay-color":"","overlay-opacity":"","overlay-gradient":""},"tablet":{"background-color":"","background-image":"","background-repeat":"repeat","background-position":"center center","background-size":"auto","background-attachment":"scroll","background-type":"","background-media":"","overlay-type":"","overlay-color":"","overlay-opacity":"","overlay-gradient":""},"mobile":{"background-color":"","background-image":"","background-repeat":"repeat","background-position":"center center","background-size":"auto","background-attachment":"scroll","background-type":"","background-media":"","overlay-type":"","overlay-color":"","overlay-opacity":"","overlay-gradient":""}},"ast-content-background-meta":{"desktop":{"background-color":"var(--ast-global-color-5)","background-image":"","background-repeat":"repeat","background-position":"center center","background-size":"auto","background-attachment":"scroll","background-type":"","background-media":"","overlay-type":"","overlay-color":"","overlay-opacity":"","overlay-gradient":""},"tablet":{"background-color":"var(--ast-global-color-5)","background-image":"","background-repeat":"repeat","background-position":"center center","background-size":"auto","background-attachment":"scroll","background-type":"","background-media":"","overlay-type":"","overlay-color":"","overlay-opacity":"","overlay-gradient":""},"mobile":{"background-color":"var(--ast-global-color-5)","background-image":"","background-repeat":"repeat","background-position":"center center","background-size":"auto","background-attachment":"scroll","background-type":"","background-media":"","overlay-type":"","overlay-color":"","overlay-opacity":"","overlay-gradient":""}},"footnotes":""},"class_list":["post-1906","page","type-page","status-publish","hentry"],"_links":{"self":[{"href":"https:\/\/cristinaorozbajo.com\/ca\/wp-json\/wp\/v2\/pages\/1906","targetHints":{"allow":["GET"]}}],"collection":[{"href":"https:\/\/cristinaorozbajo.com\/ca\/wp-json\/wp\/v2\/pages"}],"about":[{"href":"https:\/\/cristinaorozbajo.com\/ca\/wp-json\/wp\/v2\/types\/page"}],"author":[{"embeddable":true,"href":"https:\/\/cristinaorozbajo.com\/ca\/wp-json\/wp\/v2\/users\/1"}],"replies":[{"embeddable":true,"href":"https:\/\/cristinaorozbajo.com\/ca\/wp-json\/wp\/v2\/comments?post=1906"}],"version-history":[{"count":28,"href":"https:\/\/cristinaorozbajo.com\/ca\/wp-json\/wp\/v2\/pages\/1906\/revisions"}],"predecessor-version":[{"id":2376,"href":"https:\/\/cristinaorozbajo.com\/ca\/wp-json\/wp\/v2\/pages\/1906\/revisions\/2376"}],"wp:attachment":[{"href":"https:\/\/cristinaorozbajo.com\/ca\/wp-json\/wp\/v2\/media?parent=1906"}],"curies":[{"name":"wp","href":"https:\/\/api.w.org\/{rel}","templated":true}]}}