{"id":223,"date":"2025-04-22T15:22:33","date_gmt":"2025-04-22T15:22:33","guid":{"rendered":"https:\/\/cristinaorozbajo.com\/about\/"},"modified":"2025-05-04T10:34:38","modified_gmt":"2025-05-04T10:34:38","slug":"sobre-la-meva-cristina-oros-baix","status":"publish","type":"page","link":"https:\/\/cristinaorozbajo.com\/ca\/sobre-la-meva-cristina-oros-baix\/","title":{"rendered":"Sobre el meu"},"content":{"rendered":"<div data-elementor-type=\"wp-page\" data-elementor-id=\"223\" class=\"elementor elementor-223\" data-elementor-post-type=\"page\">\n\t\t\t\t<div class=\"elementor-element elementor-element-3c8cdbb e-flex e-con-boxed e-con e-parent\" data-id=\"3c8cdbb\" data-element_type=\"container\" data-e-type=\"container\" data-settings=\"{&quot;background_background&quot;:&quot;classic&quot;}\">\n\t\t\t\t\t<div class=\"e-con-inner\">\n\t\t<div class=\"elementor-element elementor-element-684291d e-con-full e-flex e-con e-child\" data-id=\"684291d\" data-element_type=\"container\" data-e-type=\"container\">\n\t\t<div class=\"elementor-element elementor-element-b1c8f5c e-con-full e-flex e-con e-child\" data-id=\"b1c8f5c\" data-element_type=\"container\" data-e-type=\"container\">\n\t\t<div class=\"elementor-element elementor-element-f7e5805 e-con-full e-flex e-con e-child\" data-id=\"f7e5805\" data-element_type=\"container\" data-e-type=\"container\">\n\t\t\t\t<div class=\"elementor-element elementor-element-1650d4a elementor-widget elementor-widget-heading\" data-id=\"1650d4a\" data-element_type=\"widget\" data-e-type=\"widget\" data-widget_type=\"heading.default\">\n\t\t\t\t<div class=\"elementor-widget-container\">\n\t\t\t\t\t<h1 class=\"elementor-heading-title elementor-size-default\">Quant a mi<\/h1>\t\t\t\t<\/div>\n\t\t\t\t<\/div>\n\t\t\t\t<div class=\"elementor-element elementor-element-06977d4 elementor-widget elementor-widget-image\" data-id=\"06977d4\" data-element_type=\"widget\" data-e-type=\"widget\" data-widget_type=\"image.default\">\n\t\t\t\t<div class=\"elementor-widget-container\">\n\t\t\t\t\t\t\t\t\t\t\t\t\t\t\t<img decoding=\"async\" width=\"293\" height=\"54\" src=\"https:\/\/cristinaorozbajo.com\/wp-content\/uploads\/2025\/04\/nombre-cristina-oroz.png\" class=\"attachment-large size-large wp-image-1884\" alt=\"Cristina Oroz Baix\" srcset=\"https:\/\/cristinaorozbajo.com\/wp-content\/uploads\/2025\/04\/nombre-cristina-oroz.png 293w, https:\/\/cristinaorozbajo.com\/wp-content\/uploads\/2025\/04\/nombre-cristina-oroz-18x3.png 18w\" sizes=\"(max-width: 293px) 100vw, 293px\" title=\"\">\t\t\t\t\t\t\t\t\t\t\t\t\t\t\t<\/div>\n\t\t\t\t<\/div>\n\t\t\t\t<\/div>\n\t\t\t\t<\/div>\n\t\t\t\t<\/div>\n\t\t\t\t\t<\/div>\n\t\t\t\t<\/div>\n\t\t<div class=\"elementor-element elementor-element-5dac92e e-flex e-con-boxed e-con e-parent\" data-id=\"5dac92e\" data-element_type=\"container\" data-e-type=\"container\">\n\t\t\t\t\t<div class=\"e-con-inner\">\n\t\t<div class=\"elementor-element elementor-element-870edb9 e-con-full e-flex e-con e-child\" data-id=\"870edb9\" data-element_type=\"container\" data-e-type=\"container\">\n\t\t<div class=\"elementor-element elementor-element-37f97dd e-con-full e-flex e-con e-child\" data-id=\"37f97dd\" data-element_type=\"container\" data-e-type=\"container\">\n\t\t<div class=\"elementor-element elementor-element-4883ddf e-con-full e-flex e-con e-child\" data-id=\"4883ddf\" data-element_type=\"container\" data-e-type=\"container\">\n\t\t\t\t<div class=\"elementor-element elementor-element-cd127f6 elementor-widget-divider--view-line elementor-widget elementor-widget-divider\" data-id=\"cd127f6\" data-element_type=\"widget\" data-e-type=\"widget\" data-widget_type=\"divider.default\">\n\t\t\t\t<div class=\"elementor-widget-container\">\n\t\t\t\t\t\t\t<div class=\"elementor-divider\">\n\t\t\t<span class=\"elementor-divider-separator\">\n\t\t\t\t\t\t<\/span>\n\t\t<\/div>\n\t\t\t\t\t\t<\/div>\n\t\t\t\t<\/div>\n\t\t\t\t<div class=\"elementor-element elementor-element-2532b74 elementor-widget elementor-widget-heading\" data-id=\"2532b74\" data-element_type=\"widget\" data-e-type=\"widget\" data-widget_type=\"heading.default\">\n\t\t\t\t<div class=\"elementor-widget-container\">\n\t\t\t\t\t<h2 class=\"elementor-heading-title elementor-size-default\">Hola, s\u00f3c Cristina Oroz Baix<\/h2>\t\t\t\t<\/div>\n\t\t\t\t<\/div>\n\t\t\t\t<div class=\"elementor-element elementor-element-f558523 elementor-widget elementor-widget-text-editor\" data-id=\"f558523\" data-element_type=\"widget\" data-e-type=\"widget\" data-widget_type=\"text-editor.default\">\n\t\t\t\t<div class=\"elementor-widget-container\">\n\t\t\t\t\t\t\t\t\t<p>Pedagoga, musicoterapeuta i t\u00e8cnica ABA a Barcelona amb m\u00e9s de 25 anys de dedicaci\u00f3 al benestar infanto-juvenil.<\/p>\t\t\t\t\t\t\t\t<\/div>\n\t\t\t\t<\/div>\n\t\t\t\t<\/div>\n\t\t\t\t<\/div>\n\t\t<div class=\"elementor-element elementor-element-aab262f e-con-full e-flex e-con e-child\" data-id=\"aab262f\" data-element_type=\"container\" data-e-type=\"container\">\n\t\t<div class=\"elementor-element elementor-element-2493d6f e-con-full e-flex e-con e-child\" data-id=\"2493d6f\" data-element_type=\"container\" data-e-type=\"container\">\n\t\t\t\t<div class=\"elementor-element elementor-element-0fe4a90 elementor-widget elementor-widget-heading\" data-id=\"0fe4a90\" data-element_type=\"widget\" data-e-type=\"widget\" data-widget_type=\"heading.default\">\n\t\t\t\t<div class=\"elementor-widget-container\">\n\t\t\t\t\t<h4 class=\"elementor-heading-title elementor-size-default\">Uns apunts sobre mi<\/h4>\t\t\t\t<\/div>\n\t\t\t\t<\/div>\n\t\t\t\t<div class=\"elementor-element elementor-element-90b132b elementor-widget elementor-widget-text-editor\" data-id=\"90b132b\" data-element_type=\"widget\" data-e-type=\"widget\" data-widget_type=\"text-editor.default\">\n\t\t\t\t<div class=\"elementor-widget-container\">\n\t\t\t\t\t\t\t\t\t<p>He acompanyat centenars de nens, fam\u00edlies en el proc\u00e9s de creixement, treballant tant a la llar, a l&#039;aula, la pr\u00e0ctica cl\u00ednica com dirigint equips terap\u00e8utics. A m\u00e9s, formo i superviso professionals del sector per garantir intervencions basades en l&#039;evid\u00e8ncia.<\/p>\t\t\t\t\t\t\t\t<\/div>\n\t\t\t\t<\/div>\n\t\t\t\t<\/div>\n\t\t<div class=\"elementor-element elementor-element-5f4a4e1 e-con-full e-flex e-con e-child\" data-id=\"5f4a4e1\" data-element_type=\"container\" data-e-type=\"container\">\n\t\t\t\t<div class=\"elementor-element elementor-element-be6628e elementor-widget elementor-widget-heading\" data-id=\"be6628e\" data-element_type=\"widget\" data-e-type=\"widget\" data-widget_type=\"heading.default\">\n\t\t\t\t<div class=\"elementor-widget-container\">\n\t\t\t\t\t<h4 class=\"elementor-heading-title elementor-size-default\">Qu\u00e8 em fa diferent?<\/h4>\t\t\t\t<\/div>\n\t\t\t\t<\/div>\n\t\t\t\t<div class=\"elementor-element elementor-element-b7e99aa elementor-widget elementor-widget-text-editor\" data-id=\"b7e99aa\" data-element_type=\"widget\" data-e-type=\"widget\" data-widget_type=\"text-editor.default\">\n\t\t\t\t<div class=\"elementor-widget-container\">\n\t\t\t\t\t\t\t\t\t<ul><li class=\"\" data-start=\"500\" data-end=\"597\"><p class=\"\" data-start=\"502\" data-end=\"597\"><strong data-start=\"502\" data-end=\"522\">Enfocament integral<\/strong>: combino pedagogia, musicoter\u00e0pia i ABA per dissenyar programes i formaci\u00f3 a mida.<\/p><\/li><li class=\"\" data-start=\"598\" data-end=\"700\"><p class=\"\" data-start=\"600\" data-end=\"700\"><strong data-start=\"600\" data-end=\"622\">Traject\u00f2ria s\u00f2lida<\/strong>: 25 anys col\u00b7laborant amb centres, escoles i associacions a Barcelona.<\/p><\/li><li class=\"\" data-start=\"701\" data-end=\"799\"><p class=\"\" data-start=\"703\" data-end=\"799\"><strong data-start=\"703\" data-end=\"724\">Treball en equip<\/strong>: implico la fam\u00edlia i l&#039;entorn escolar a cada pla d&#039;intervenci\u00f3.<\/p><\/li><\/ul>\t\t\t\t\t\t\t\t<\/div>\n\t\t\t\t<\/div>\n\t\t\t\t<\/div>\n\t\t\t\t<\/div>\n\t\t\t\t<\/div>\n\t\t\t\t\t<\/div>\n\t\t\t\t<\/div>\n\t\t<div class=\"elementor-element elementor-element-bcf1874 e-flex e-con-boxed e-con e-parent\" data-id=\"bcf1874\" data-element_type=\"container\" data-e-type=\"container\" data-settings=\"{&quot;background_background&quot;:&quot;gradient&quot;}\">\n\t\t\t\t\t<div class=\"e-con-inner\">\n\t\t<div class=\"elementor-element elementor-element-c149ed9 e-con-full e-flex e-con e-child\" data-id=\"c149ed9\" data-element_type=\"container\" data-e-type=\"container\" data-settings=\"{&quot;background_background&quot;:&quot;classic&quot;}\">\n\t\t\t\t<\/div>\n\t\t\t\t\t<\/div>\n\t\t\t\t<\/div>\n\t\t<div class=\"elementor-element elementor-element-7585fee e-flex e-con-boxed e-con e-parent\" data-id=\"7585fee\" data-element_type=\"container\" data-e-type=\"container\" data-settings=\"{&quot;background_background&quot;:&quot;classic&quot;}\">\n\t\t\t\t\t<div class=\"e-con-inner\">\n\t\t<div class=\"elementor-element elementor-element-86d9ce7 e-con-full e-flex e-con e-child\" data-id=\"86d9ce7\" data-element_type=\"container\" data-e-type=\"container\">\n\t\t\t\t<div class=\"elementor-element elementor-element-1c25d5c elementor-widget elementor-widget-heading\" data-id=\"1c25d5c\" data-element_type=\"widget\" data-e-type=\"widget\" data-widget_type=\"heading.default\">\n\t\t\t\t<div class=\"elementor-widget-container\">\n\t\t\t\t\t<h2 class=\"elementor-heading-title elementor-size-default\">El que faig<\/h2>\t\t\t\t<\/div>\n\t\t\t\t<\/div>\n\t\t\t\t<div class=\"elementor-element elementor-element-1a1fccf elementor-widget elementor-widget-text-editor\" data-id=\"1a1fccf\" data-element_type=\"widget\" data-e-type=\"widget\" data-widget_type=\"text-editor.default\">\n\t\t\t\t<div class=\"elementor-widget-container\">\n\t\t\t\t\t\t\t\t\t<p>El meu enfocament integral combina la <strong data-start=\"31\" data-end=\"44\">Pedagogia<\/strong>, amb suport acad\u00e8mic i psicosocial adaptat a les necessitats del nen; la <strong data-start=\"120\" data-end=\"137\">Musicoter\u00e0pia<\/strong>, utilitzant la m\u00fasica per potenciar la comunicaci\u00f3 i l&#039;expressi\u00f3 emocional; el <strong data-start=\"220\" data-end=\"262\">An\u00e0lisi Aplicat de la Conducta (ABA)<\/strong>, mitjan\u00e7ant t\u00e8cniques basades en evid\u00e8ncia que promouen habilitats i conductes adaptatives; i la <strong data-start=\"359\" data-end=\"387\">Atenci\u00f3 infanto-juvenil<\/strong>, mitjan\u00e7ant dissenys d&#039;intervenci\u00f3 constru\u00efts des d&#039;una an\u00e0lisi global de cada cas.<\/p>\t\t\t\t\t\t\t\t<\/div>\n\t\t\t\t<\/div>\n\t\t\t\t<\/div>\n\t\t<div class=\"elementor-element elementor-element-1bd9aad e-con-full e-flex e-con e-child\" data-id=\"1bd9aad\" data-element_type=\"container\" data-e-type=\"container\">\n\t\t<div class=\"elementor-element elementor-element-70b90e0 e-con-full e-flex e-con e-child\" data-id=\"70b90e0\" data-element_type=\"container\" data-e-type=\"container\">\n\t\t<div class=\"elementor-element elementor-element-17df2cf e-con-full e-flex e-con e-child\" data-id=\"17df2cf\" data-element_type=\"container\" data-e-type=\"container\">\n\t\t\t\t<div class=\"elementor-element elementor-element-15dda2e elementor-position-inline-start elementor-view-default elementor-mobile-position-block-start elementor-widget elementor-widget-icon-box\" data-id=\"15dda2e\" data-element_type=\"widget\" data-e-type=\"widget\" data-widget_type=\"icon-box.default\">\n\t\t\t\t<div class=\"elementor-widget-container\">\n\t\t\t\t\t\t\t<div class=\"elementor-icon-box-wrapper\">\n\n\t\t\t\t\t\t<div class=\"elementor-icon-box-icon\">\n\t\t\t\t<span  class=\"elementor-icon\">\n\t\t\t\t<svg aria-hidden=\"true\" class=\"e-font-icon-svg e-far-heart\" viewbox=\"0 0 512 512\" xmlns=\"http:\/\/www.w3.org\/2000\/svg\"><path d=\"M458.4 64.3C400.6 15.7 311.3 23 256 79.3 200.7 23 111.4 15.6 53.6 64.3-21.6 127.6-10.6 230.8 43 285.5l175.4 178.7c10 10.2 23.4 15.9 37.6 15.9 14.3 0 27.6-5.6 37.6-15.8L469 285.6c53.5-54.7 64.7-157.9-10.6-221.3zm-23.6 187.5L259.4 430.5c-2.4 2.4-4.4 2.4-6.8 0L77.2 251.8c-36.5-37.2-43.9-107.6 7.3-150.7 38.9-32.7 98.9-27.8 136.5 10.5l35 35.7 35-35.7c37.8-38.5 97.8-43.2 136.5-10.6 51.1 43.1 43.5 113.9 7.3 150.8z\"><\/path><\/svg>\t\t\t\t<\/span>\n\t\t\t<\/div>\n\t\t\t\n\t\t\t\t\t\t<div class=\"elementor-icon-box-content\">\n\n\t\t\t\t\t\t\t\t\t<h3 class=\"elementor-icon-box-title\">\n\t\t\t\t\t\t<span  >\n\t\t\t\t\t\t\tAtenci\u00f3 terap\u00e8utica\t\t\t\t\t\t<\/span>\n\t\t\t\t\t<\/h3>\n\t\t\t\t\n\t\t\t\t\t\t\t\t\t<p class=\"elementor-icon-box-description\">\n\t\t\t\t\t\tOfereixo sessions personalitzades d&#039;estimulaci\u00f3 i de suport escolar, adaptades al perfil de cada nen.\t\t\t\t\t<\/p>\n\t\t\t\t\n\t\t\t<\/div>\n\t\t\t\n\t\t<\/div>\n\t\t\t\t\t\t<\/div>\n\t\t\t\t<\/div>\n\t\t\t\t<\/div>\n\t\t\t\t<\/div>\n\t\t<div class=\"elementor-element elementor-element-ba4d6e3 e-con-full e-flex e-con e-child\" data-id=\"ba4d6e3\" data-element_type=\"container\" data-e-type=\"container\">\n\t\t<div class=\"elementor-element elementor-element-37186c7 e-con-full e-flex e-con e-child\" data-id=\"37186c7\" data-element_type=\"container\" data-e-type=\"container\">\n\t\t\t\t<div class=\"elementor-element elementor-element-cc03e88 elementor-position-inline-start elementor-view-default elementor-mobile-position-block-start elementor-widget elementor-widget-icon-box\" data-id=\"cc03e88\" data-element_type=\"widget\" data-e-type=\"widget\" data-widget_type=\"icon-box.default\">\n\t\t\t\t<div class=\"elementor-widget-container\">\n\t\t\t\t\t\t\t<div class=\"elementor-icon-box-wrapper\">\n\n\t\t\t\t\t\t<div class=\"elementor-icon-box-icon\">\n\t\t\t\t<span  class=\"elementor-icon\">\n\t\t\t\t<svg aria-hidden=\"true\" class=\"e-font-icon-svg e-fas-book-reader\" viewbox=\"0 0 512 512\" xmlns=\"http:\/\/www.w3.org\/2000\/svg\"><path d=\"M352 96c0-53.02-42.98-96-96-96s-96 42.98-96 96 42.98 96 96 96 96-42.98 96-96zM233.59 241.1c-59.33-36.32-155.43-46.3-203.79-49.05C13.55 191.13 0 203.51 0 219.14v222.8c0 14.33 11.59 26.28 26.49 27.05 43.66 2.29 131.99 10.68 193.04 41.43 9.37 4.72 20.48-1.71 20.48-11.87V252.56c-.01-4.67-2.32-8.95-6.42-11.46zm248.61-49.05c-48.35 2.74-144.46 12.73-203.78 49.05-4.1 2.51-6.41 6.96-6.41 11.63v245.79c0 10.19 11.14 16.63 20.54 11.9 61.04-30.72 149.32-39.11 192.97-41.4 14.9-.78 26.49-12.73 26.49-27.06V219.14c-.01-15.63-13.56-28.01-29.81-27.09z\"><\/path><\/svg>\t\t\t\t<\/span>\n\t\t\t<\/div>\n\t\t\t\n\t\t\t\t\t\t<div class=\"elementor-icon-box-content\">\n\n\t\t\t\t\t\t\t\t\t<h3 class=\"elementor-icon-box-title\">\n\t\t\t\t\t\t<span  >\n\t\t\t\t\t\t\tFormaci\u00f3 professional\t\t\t\t\t\t<\/span>\n\t\t\t\t\t<\/h3>\n\t\t\t\t\n\t\t\t\t\t\t\t\t\t<p class=\"elementor-icon-box-description\">\n\t\t\t\t\t\tImparteixo cursos i tallers per a docents i terapeutes, centrats en metodologies innovadores i bones pr\u00e0ctiques.\t\t\t\t\t<\/p>\n\t\t\t\t\n\t\t\t<\/div>\n\t\t\t\n\t\t<\/div>\n\t\t\t\t\t\t<\/div>\n\t\t\t\t<\/div>\n\t\t\t\t<\/div>\n\t\t\t\t<\/div>\n\t\t<div class=\"elementor-element elementor-element-9e4c3ef e-con-full e-flex e-con e-child\" data-id=\"9e4c3ef\" data-element_type=\"container\" data-e-type=\"container\">\n\t\t<div class=\"elementor-element elementor-element-0c0f5d7 e-con-full e-flex e-con e-child\" data-id=\"0c0f5d7\" data-element_type=\"container\" data-e-type=\"container\">\n\t\t\t\t<div class=\"elementor-element elementor-element-3840b55 elementor-position-inline-start elementor-view-default elementor-mobile-position-block-start elementor-widget elementor-widget-icon-box\" data-id=\"3840b55\" data-element_type=\"widget\" data-e-type=\"widget\" data-widget_type=\"icon-box.default\">\n\t\t\t\t<div class=\"elementor-widget-container\">\n\t\t\t\t\t\t\t<div class=\"elementor-icon-box-wrapper\">\n\n\t\t\t\t\t\t<div class=\"elementor-icon-box-icon\">\n\t\t\t\t<span  class=\"elementor-icon\">\n\t\t\t\t<svg aria-hidden=\"true\" class=\"e-font-icon-svg e-fas-users\" viewbox=\"0 0 640 512\" xmlns=\"http:\/\/www.w3.org\/2000\/svg\"><path d=\"M96 224c35.3 0 64-28.7 64-64s-28.7-64-64-64-64 28.7-64 64 28.7 64 64 64zm448 0c35.3 0 64-28.7 64-64s-28.7-64-64-64-64 28.7-64 64 28.7 64 64 64zm32 32h-64c-17.6 0-33.5 7.1-45.1 18.6 40.3 22.1 68.9 62 75.1 109.4h66c17.7 0 32-14.3 32-32v-32c0-35.3-28.7-64-64-64zm-256 0c61.9 0 112-50.1 112-112S381.9 32 320 32 208 82.1 208 144s50.1 112 112 112zm76.8 32h-8.3c-20.8 10-43.9 16-68.5 16s-47.6-6-68.5-16h-8.3C179.6 288 128 339.6 128 403.2V432c0 26.5 21.5 48 48 48h288c26.5 0 48-21.5 48-48v-28.8c0-63.6-51.6-115.2-115.2-115.2zm-223.7-13.4C161.5 263.1 145.6 256 128 256H64c-35.3 0-64 28.7-64 64v32c0 17.7 14.3 32 32 32h65.9c6.3-47.4 34.9-87.3 75.2-109.4z\"><\/path><\/svg>\t\t\t\t<\/span>\n\t\t\t<\/div>\n\t\t\t\n\t\t\t\t\t\t<div class=\"elementor-icon-box-content\">\n\n\t\t\t\t\t\t\t\t\t<h4 class=\"elementor-icon-box-title\">\n\t\t\t\t\t\t<span  >\n\t\t\t\t\t\t\tSupervisi\u00f3 d&#039;equips\t\t\t\t\t\t<\/span>\n\t\t\t\t\t<\/h4>\n\t\t\t\t\n\t\t\t\t\t\t\t\t\t<p class=\"elementor-icon-box-description\">\n\t\t\t\t\t\tAssessor i coordino grups multidisciplinaris per optimitzar resultats i garantir la coher\u00e8ncia dels programes.\t\t\t\t\t<\/p>\n\t\t\t\t\n\t\t\t<\/div>\n\t\t\t\n\t\t<\/div>\n\t\t\t\t\t\t<\/div>\n\t\t\t\t<\/div>\n\t\t\t\t<\/div>\n\t\t\t\t<\/div>\n\t\t\t\t<\/div>\n\t\t\t\t\t<\/div>\n\t\t\t\t<\/div>\n\t\t<div class=\"elementor-element elementor-element-1961526 e-flex e-con-boxed e-con e-parent\" data-id=\"1961526\" data-element_type=\"container\" data-e-type=\"container\">\n\t\t\t\t\t<div class=\"e-con-inner\">\n\t\t<div class=\"elementor-element elementor-element-5215805 e-con-full e-flex e-con e-child\" data-id=\"5215805\" data-element_type=\"container\" data-e-type=\"container\">\n\t\t\t\t<div class=\"elementor-element elementor-element-79bc150 elementor-widget elementor-widget-text-editor\" data-id=\"79bc150\" data-element_type=\"widget\" data-e-type=\"widget\" data-widget_type=\"text-editor.default\">\n\t\t\t\t<div class=\"elementor-widget-container\">\n\t\t\t\t\t\t\t\t\t<p>Fundadora de <strong>M\u00e8tode VIC\u00d3<\/strong> un programa de musicoter\u00e0pia per al desenvolupament del llenguatge i <strong>Jo tamb\u00e9 llegeixo<\/strong> un programa de lectura global, tots dos adre\u00e7ats a nens amb autisme, s\u00edndrome de down i retards maduratius. Presidenta de l&#039;Associaci\u00f3 d&#039;Ajuda per a Infants amb Discapacitat per fomentar la innovaci\u00f3 en projectes d&#039;atenci\u00f3 primerenca i ajudar a fam\u00edlies i entorns amb risc social i econ\u00f2mic i de baixos recursos.<\/p>\t\t\t\t\t\t\t\t<\/div>\n\t\t\t\t<\/div>\n\t\t\t\t<\/div>\n\t\t<div class=\"elementor-element elementor-element-1ea87b7 e-con-full e-flex e-con e-child\" data-id=\"1ea87b7\" data-element_type=\"container\" data-e-type=\"container\">\n\t\t\t\t<div class=\"elementor-element elementor-element-63af688 elementor-widget elementor-widget-image\" data-id=\"63af688\" data-element_type=\"widget\" data-e-type=\"widget\" data-widget_type=\"image.default\">\n\t\t\t\t<div class=\"elementor-widget-container\">\n\t\t\t\t\t\t\t\t\t\t\t\t\t\t\t\t<a href=\"https:\/\/www.metodovicon.com\/\" target=\"_blank\" rel=\"noopener\">\n\t\t\t\t\t\t\t<img fetchpriority=\"high\" decoding=\"async\" width=\"582\" height=\"262\" src=\"https:\/\/cristinaorozbajo.com\/wp-content\/uploads\/2025\/04\/logo_es.png\" class=\"elementor-animation-grow attachment-full size-full wp-image-2114\" alt=\"m\u00e8tode vicon\" srcset=\"https:\/\/cristinaorozbajo.com\/wp-content\/uploads\/2025\/04\/logo_es.png 582w, https:\/\/cristinaorozbajo.com\/wp-content\/uploads\/2025\/04\/logo_es-300x135.png 300w, https:\/\/cristinaorozbajo.com\/wp-content\/uploads\/2025\/04\/logo_es-18x8.png 18w\" sizes=\"(max-width: 582px) 100vw, 582px\" title=\"\">\t\t\t\t\t\t\t\t<\/a>\n\t\t\t\t\t\t\t\t\t\t\t\t\t\t\t<\/div>\n\t\t\t\t<\/div>\n\t\t\t\t<\/div>\n\t\t<div class=\"elementor-element elementor-element-7ddc3fd e-con-full e-flex e-con e-child\" data-id=\"7ddc3fd\" data-element_type=\"container\" data-e-type=\"container\">\n\t\t\t\t<div class=\"elementor-element elementor-element-fb52212 elementor-widget elementor-widget-image\" data-id=\"fb52212\" data-element_type=\"widget\" data-e-type=\"widget\" data-widget_type=\"image.default\">\n\t\t\t\t<div class=\"elementor-widget-container\">\n\t\t\t\t\t\t\t\t\t\t\t\t\t\t\t\t<a href=\"https:\/\/aand.es\/\" target=\"_blank\" rel=\"noopener\">\n\t\t\t\t\t\t\t<img decoding=\"async\" width=\"467\" height=\"282\" src=\"https:\/\/cristinaorozbajo.com\/wp-content\/uploads\/2025\/04\/LogoAsociac01.png\" class=\"elementor-animation-grow attachment-full size-full wp-image-2115\" alt=\"associaci\u00f3 dajuda per a nens amb discapacitat\" srcset=\"https:\/\/cristinaorozbajo.com\/wp-content\/uploads\/2025\/04\/LogoAsociac01.png 467w, https:\/\/cristinaorozbajo.com\/wp-content\/uploads\/2025\/04\/LogoAsociac01-300x181.png 300w, https:\/\/cristinaorozbajo.com\/wp-content\/uploads\/2025\/04\/LogoAsociac01-18x12.png 18w\" sizes=\"(max-width: 467px) 100vw, 467px\" title=\"\">\t\t\t\t\t\t\t\t<\/a>\n\t\t\t\t\t\t\t\t\t\t\t\t\t\t\t<\/div>\n\t\t\t\t<\/div>\n\t\t\t\t<\/div>\n\t\t\t\t\t<\/div>\n\t\t\t\t<\/div>\n\t\t\t\t<\/div>","protected":false},"excerpt":{"rendered":"<p>Acerca de m\u00ed Hola, soy Cristina Oroz Bajo Pedagoga, musicoterapeuta y t\u00e9cnica ABA en Barcelona con m\u00e1s de 25 a\u00f1os [&hellip;]<\/p>\n","protected":false},"author":1,"featured_media":0,"parent":0,"menu_order":0,"comment_status":"closed","ping_status":"closed","template":"","meta":{"site-sidebar-layout":"no-sidebar","site-content-layout":"page-builder","ast-site-content-layout":"full-width-container","site-content-style":"unboxed","site-sidebar-style":"unboxed","ast-global-header-display":"","ast-banner-title-visibility":"","ast-main-header-display":"","ast-hfb-above-header-display":"","ast-hfb-below-header-display":"","ast-hfb-mobile-header-display":"","site-post-title":"disabled","ast-breadcrumbs-content":"disabled","ast-featured-img":"disabled","footer-sml-layout":"","ast-disable-related-posts":"","theme-transparent-header-meta":"enabled","adv-header-id-meta":"","stick-header-meta":"","header-above-stick-meta":"","header-main-stick-meta":"","header-below-stick-meta":"","astra-migrate-meta-layouts":"set","ast-page-background-enabled":"default","ast-page-background-meta":{"desktop":{"background-color":"","background-image":"","background-repeat":"repeat","background-position":"center center","background-size":"auto","background-attachment":"scroll","background-type":"","background-media":"","overlay-type":"","overlay-color":"","overlay-opacity":"","overlay-gradient":""},"tablet":{"background-color":"","background-image":"","background-repeat":"repeat","background-position":"center center","background-size":"auto","background-attachment":"scroll","background-type":"","background-media":"","overlay-type":"","overlay-color":"","overlay-opacity":"","overlay-gradient":""},"mobile":{"background-color":"","background-image":"","background-repeat":"repeat","background-position":"center center","background-size":"auto","background-attachment":"scroll","background-type":"","background-media":"","overlay-type":"","overlay-color":"","overlay-opacity":"","overlay-gradient":""}},"ast-content-background-meta":{"desktop":{"background-color":"var(--ast-global-color-5)","background-image":"","background-repeat":"repeat","background-position":"center center","background-size":"auto","background-attachment":"scroll","background-type":"","background-media":"","overlay-type":"","overlay-color":"","overlay-opacity":"","overlay-gradient":""},"tablet":{"background-color":"var(--ast-global-color-5)","background-image":"","background-repeat":"repeat","background-position":"center center","background-size":"auto","background-attachment":"scroll","background-type":"","background-media":"","overlay-type":"","overlay-color":"","overlay-opacity":"","overlay-gradient":""},"mobile":{"background-color":"var(--ast-global-color-5)","background-image":"","background-repeat":"repeat","background-position":"center center","background-size":"auto","background-attachment":"scroll","background-type":"","background-media":"","overlay-type":"","overlay-color":"","overlay-opacity":"","overlay-gradient":""}},"footnotes":""},"class_list":["post-223","page","type-page","status-publish","hentry"],"_links":{"self":[{"href":"https:\/\/cristinaorozbajo.com\/ca\/wp-json\/wp\/v2\/pages\/223","targetHints":{"allow":["GET"]}}],"collection":[{"href":"https:\/\/cristinaorozbajo.com\/ca\/wp-json\/wp\/v2\/pages"}],"about":[{"href":"https:\/\/cristinaorozbajo.com\/ca\/wp-json\/wp\/v2\/types\/page"}],"author":[{"embeddable":true,"href":"https:\/\/cristinaorozbajo.com\/ca\/wp-json\/wp\/v2\/users\/1"}],"replies":[{"embeddable":true,"href":"https:\/\/cristinaorozbajo.com\/ca\/wp-json\/wp\/v2\/comments?post=223"}],"version-history":[{"count":52,"href":"https:\/\/cristinaorozbajo.com\/ca\/wp-json\/wp\/v2\/pages\/223\/revisions"}],"predecessor-version":[{"id":2302,"href":"https:\/\/cristinaorozbajo.com\/ca\/wp-json\/wp\/v2\/pages\/223\/revisions\/2302"}],"wp:attachment":[{"href":"https:\/\/cristinaorozbajo.com\/ca\/wp-json\/wp\/v2\/media?parent=223"}],"curies":[{"name":"wp","href":"https:\/\/api.w.org\/{rel}","templated":true}]}}